{"id":503,"date":"2026-01-14T15:55:15","date_gmt":"2026-01-14T15:55:15","guid":{"rendered":"https:\/\/pokojenawynajem.lezajsk.pl\/?page_id=503"},"modified":"2026-03-20T08:49:26","modified_gmt":"2026-03-20T08:49:26","slug":"imprezy-plenerowe","status":"publish","type":"page","link":"https:\/\/pokojenawynajem.lezajsk.pl\/en\/imprezy-plenerowe\/","title":{"rendered":"Outdoor events"},"content":{"rendered":"<p><div class=\"fusion-fullwidth fullwidth-box fusion-builder-row-1 fusion-flex-container has-pattern-background has-mask-background fusion-parallax-fixed nonhundred-percent-fullwidth non-hundred-percent-height-scrolling lazyload\" style=\"--awb-border-radius-top-left:0px;--awb-border-radius-top-right:0px;--awb-border-radius-bottom-right:0px;--awb-border-radius-bottom-left:0px;--awb-padding-top:0px;--awb-padding-bottom:0px;--awb-padding-top-small:10%;--awb-margin-bottom:5%;--awb-min-height:60vh;--awb-background-color:var(--awb-color4);--awb-background-image:linear-gradient(190deg, var(--awb-color4) 0%,rgba(255,255,255,0) 100%);;--awb-background-size:cover;--awb-flex-wrap:wrap;background-attachment:fixed;\" data-bg=\"https:\/\/pokojenawynajem.lezajsk.pl\/wp-content\/uploads\/2026\/01\/pknw035.webp\" data-bg-gradient=\"linear-gradient(190deg, var(--awb-color4) 0%,rgba(255,255,255,0) 100%)\" ><div class=\"fusion-builder-row fusion-row fusion-flex-align-items-center fusion-flex-justify-content-center fusion-flex-content-wrap\" style=\"max-width:1352px;margin-left: calc(-4% \/ 2 );margin-right: calc(-4% \/ 2 );\"><div class=\"fusion-layout-column fusion_builder_column fusion-builder-column-0 fusion_builder_column_1_2 1_2 fusion-flex-column\" style=\"--awb-bg-size:cover;--awb-width-large:50%;--awb-margin-top-large:0px;--awb-spacing-right-large:3.84%;--awb-margin-bottom-large:0px;--awb-spacing-left-large:3.84%;--awb-width-medium:50%;--awb-order-medium:0;--awb-spacing-right-medium:3.84%;--awb-spacing-left-medium:3.84%;--awb-width-small:100%;--awb-order-small:0;--awb-spacing-right-small:1.92%;--awb-spacing-left-small:1.92%;\"><div class=\"fusion-column-wrapper fusion-column-has-shadow fusion-flex-justify-content-flex-start fusion-content-layout-column\"><div class=\"fusion-title title fusion-title-1 fusion-sep-none fusion-title-center fusion-title-text fusion-title-size-one\" style=\"--awb-text-color:var(--awb-color2);--awb-margin-top-small:10px;--awb-margin-right-small:0px;--awb-margin-bottom-small:10px;--awb-margin-left-small:0px;\"><h1 class=\"fusion-title-heading title-heading-center fusion-responsive-typography-calculated\" style=\"margin:0;--fontSize:45;line-height:var(--awb-typography1-line-height);\">IMPREZY PLENEROWE I NAMIOT EVENTOWY<\/h1><\/div><div class=\"fusion-text fusion-text-1\" style=\"--awb-content-alignment:center;--awb-text-color:var(--awb-color2);\"><p>Organizacja kameralnych uroczysto\u015bci i spotka\u0144<\/p>\n<\/div><div style=\"text-align:center;\"><a class=\"fusion-button button-flat fusion-button-default-size button-default fusion-button-default button-1 fusion-button-default-span fusion-button-default-type\" target=\"_self\" href=\"#kontakt\"><span class=\"fusion-button-text awb-button__text awb-button__text--default\">Skontaktuj si\u0119 z nami<\/span><\/a><\/div><\/div><\/div><\/div><\/div><div class=\"fusion-fullwidth fullwidth-box fusion-builder-row-2 fusion-flex-container has-pattern-background has-mask-background nonhundred-percent-fullwidth non-hundred-percent-height-scrolling\" style=\"--awb-border-radius-top-left:0px;--awb-border-radius-top-right:0px;--awb-border-radius-bottom-right:0px;--awb-border-radius-bottom-left:0px;--awb-flex-wrap:wrap;\" ><div class=\"fusion-builder-row fusion-row fusion-flex-align-items-flex-start fusion-flex-justify-content-space-evenly fusion-flex-content-wrap\" style=\"max-width:1352px;margin-left: calc(-4% \/ 2 );margin-right: calc(-4% \/ 2 );\"><div class=\"fusion-layout-column fusion_builder_column fusion-builder-column-1 fusion_builder_column_1_3 1_3 fusion-flex-column\" style=\"--awb-bg-size:cover;--awb-width-large:33.333333333333%;--awb-margin-top-large:0px;--awb-spacing-right-large:5.76%;--awb-margin-bottom-large:20px;--awb-spacing-left-large:5.76%;--awb-width-medium:33.333333333333%;--awb-order-medium:0;--awb-spacing-right-medium:5.76%;--awb-spacing-left-medium:5.76%;--awb-width-small:100%;--awb-order-small:0;--awb-spacing-right-small:1.92%;--awb-spacing-left-small:1.92%;\"><div class=\"fusion-column-wrapper fusion-column-has-shadow fusion-flex-justify-content-flex-start fusion-content-layout-column\"><div class=\"fusion-title title fusion-title-2 fusion-sep-none fusion-title-text fusion-title-size-four\" style=\"--awb-margin-top-small:10px;--awb-margin-right-small:0px;--awb-margin-bottom-small:10px;--awb-margin-left-small:0px;\"><h4 class=\"fusion-title-heading title-heading-left fusion-responsive-typography-calculated\" style=\"margin:0;--fontSize:24;line-height:var(--awb-typography1-line-height);\">Wynajem namiotu imprezowego<\/h4><\/div><div class=\"fusion-text fusion-text-2\" style=\"--awb-text-transform:uppercase;\"><p><strong>Warunki i ceny ustalane indywidualnie.<\/strong><\/p>\n<\/div><div class=\"fusion-text fusion-text-3\"><p>Oferujemy wynajem namiotu imprezowego 5 \u00d7 8 m wraz z wyposa\u017ceniem:<\/p>\n<\/div><ul style=\"--awb-line-height:27.2px;--awb-icon-width:27.2px;--awb-icon-height:27.2px;--awb-icon-margin:11.2px;--awb-content-margin:38.4px;--awb-circlecolor:var(--awb-color4);--awb-circle-yes-font-size:14.08px;\" class=\"fusion-checklist fusion-checklist-1 fusion-checklist-default type-icons\"><li class=\"fusion-li-item\" style=\"\"><span class=\"icon-wrapper circle-yes\"><i class=\"fusion-li-icon awb-icon-check\" aria-hidden=\"true\"><\/i><\/span><div class=\"fusion-li-item-content\">16 \u0142awek (4 osobowych)<\/div><\/li><li class=\"fusion-li-item\" style=\"\"><span class=\"icon-wrapper circle-yes\"><i class=\"fusion-li-icon awb-icon-check\" aria-hidden=\"true\"><\/i><\/span><div class=\"fusion-li-item-content\">8 sto\u0142\u00f3w<\/div><\/li><li class=\"fusion-li-item\" style=\"\"><span class=\"icon-wrapper circle-yes\"><i class=\"fusion-li-icon awb-icon-check\" aria-hidden=\"true\"><\/i><\/span><div class=\"fusion-li-item-content\">grill gazowy<\/div><\/li><li class=\"fusion-li-item\" style=\"\"><span class=\"icon-wrapper circle-yes\"><i class=\"fusion-li-icon awb-icon-check\" aria-hidden=\"true\"><\/i><\/span><div class=\"fusion-li-item-content\">komplety naczy\u0144, fili\u017canek i sztu\u0107c\u00f3w<\/div><\/li><\/ul><\/div><\/div><div class=\"fusion-layout-column fusion_builder_column fusion-builder-column-2 fusion_builder_column_1_5 1_5 fusion-flex-column\" style=\"--awb-bg-size:cover;--awb-width-large:20%;--awb-margin-top-large:0px;--awb-spacing-right-large:9.6%;--awb-margin-bottom-large:20px;--awb-spacing-left-large:9.6%;--awb-width-medium:20%;--awb-order-medium:0;--awb-spacing-right-medium:9.6%;--awb-spacing-left-medium:9.6%;--awb-width-small:100%;--awb-order-small:0;--awb-spacing-right-small:1.92%;--awb-spacing-left-small:1.92%;\"><div class=\"fusion-column-wrapper fusion-column-has-shadow fusion-flex-justify-content-flex-start fusion-content-layout-column\"><div class=\"fusion-title title fusion-title-3 fusion-sep-none fusion-title-text fusion-title-size-four\" style=\"--awb-margin-top-small:10px;--awb-margin-right-small:0px;--awb-margin-bottom-small:10px;--awb-margin-left-small:0px;\"><h4 class=\"fusion-title-heading title-heading-left fusion-responsive-typography-calculated\" style=\"margin:0;--fontSize:24;line-height:var(--awb-typography1-line-height);\">Idealne na:<\/h4><\/div><ul style=\"--awb-line-height:27.2px;--awb-icon-width:27.2px;--awb-icon-height:27.2px;--awb-icon-margin:11.2px;--awb-content-margin:38.4px;--awb-circlecolor:var(--awb-color4);--awb-circle-yes-font-size:14.08px;\" class=\"fusion-checklist fusion-checklist-2 fusion-checklist-default type-icons\"><li class=\"fusion-li-item\" style=\"\"><span class=\"icon-wrapper circle-yes\"><i class=\"fusion-li-icon awb-icon-check\" aria-hidden=\"true\"><\/i><\/span><div class=\"fusion-li-item-content\">komunie<\/div><\/li><li class=\"fusion-li-item\" style=\"\"><span class=\"icon-wrapper circle-yes\"><i class=\"fusion-li-icon awb-icon-check\" aria-hidden=\"true\"><\/i><\/span><div class=\"fusion-li-item-content\">chrzciny<\/div><\/li><li class=\"fusion-li-item\" style=\"\"><span class=\"icon-wrapper circle-yes\"><i class=\"fusion-li-icon awb-icon-check\" aria-hidden=\"true\"><\/i><\/span><div class=\"fusion-li-item-content\">spotkania rodzinne<\/div><\/li><li class=\"fusion-li-item\" style=\"\"><span class=\"icon-wrapper circle-yes\"><i class=\"fusion-li-icon awb-icon-check\" aria-hidden=\"true\"><\/i><\/span><div class=\"fusion-li-item-content\">imprezy plenerowe<\/div><\/li><\/ul><\/div><\/div><div class=\"fusion-layout-column fusion_builder_column fusion-builder-column-3 fusion_builder_column_1_3 1_3 fusion-flex-column\" style=\"--awb-bg-size:cover;--awb-width-large:33.333333333333%;--awb-margin-top-large:0px;--awb-spacing-right-large:5.76%;--awb-margin-bottom-large:20px;--awb-spacing-left-large:5.76%;--awb-width-medium:33.333333333333%;--awb-order-medium:0;--awb-spacing-right-medium:5.76%;--awb-spacing-left-medium:5.76%;--awb-width-small:100%;--awb-order-small:0;--awb-spacing-right-small:1.92%;--awb-spacing-left-small:1.92%;\"><div class=\"fusion-column-wrapper fusion-column-has-shadow fusion-flex-justify-content-flex-start fusion-content-layout-column\"><div class=\"fusion-title title fusion-title-4 fusion-sep-none fusion-title-text fusion-title-size-four\" style=\"--awb-margin-top-small:10px;--awb-margin-right-small:0px;--awb-margin-bottom-small:10px;--awb-margin-left-small:0px;\"><h4 class=\"fusion-title-heading title-heading-left fusion-responsive-typography-calculated\" style=\"margin:0;--fontSize:24;line-height:var(--awb-typography1-line-height);\">Imprezy mog\u0105 by\u0107 organizowane:<\/h4><\/div><ul style=\"--awb-line-height:27.2px;--awb-icon-width:27.2px;--awb-icon-height:27.2px;--awb-icon-margin:11.2px;--awb-content-margin:38.4px;--awb-circlecolor:var(--awb-color4);--awb-circle-yes-font-size:14.08px;\" class=\"fusion-checklist fusion-checklist-3 fusion-checklist-default type-icons\"><li class=\"fusion-li-item\" style=\"\"><span class=\"icon-wrapper circle-yes\"><i class=\"fusion-li-icon awb-icon-check\" aria-hidden=\"true\"><\/i><\/span><div class=\"fusion-li-item-content\">\n<p>na naszym terenie, imprezy mog\u0105 odbywa\u0107 si\u0119 z cateringiem<\/p>\n<\/div><\/li><li class=\"fusion-li-item\" style=\"\"><span class=\"icon-wrapper circle-yes\"><i class=\"fusion-li-icon awb-icon-check\" aria-hidden=\"true\"><\/i><\/span><div class=\"fusion-li-item-content\">\n<p>na terenie klienta , imprezy mog\u0105 odbywa\u0107 si\u0119 z cateringiem.<\/p>\n<\/div><\/li><\/ul><\/div><\/div><\/div><\/div><div class=\"fusion-fullwidth fullwidth-box fusion-builder-row-3 fusion-flex-container has-pattern-background has-mask-background nonhundred-percent-fullwidth non-hundred-percent-height-scrolling\" style=\"--awb-border-radius-top-left:0px;--awb-border-radius-top-right:0px;--awb-border-radius-bottom-right:0px;--awb-border-radius-bottom-left:0px;--awb-flex-wrap:wrap;\" ><div class=\"fusion-builder-row fusion-row fusion-flex-align-items-flex-start fusion-flex-content-wrap\" style=\"max-width:1352px;margin-left: calc(-4% \/ 2 );margin-right: calc(-4% \/ 2 );\"><div class=\"fusion-layout-column fusion_builder_column fusion-builder-column-4 fusion_builder_column_1_1 1_1 fusion-flex-column\" style=\"--awb-bg-size:cover;--awb-width-large:100%;--awb-margin-top-large:0px;--awb-spacing-right-large:1.92%;--awb-margin-bottom-large:20px;--awb-spacing-left-large:1.92%;--awb-width-medium:100%;--awb-order-medium:0;--awb-spacing-right-medium:1.92%;--awb-spacing-left-medium:1.92%;--awb-width-small:100%;--awb-order-small:0;--awb-spacing-right-small:1.92%;--awb-spacing-left-small:1.92%;\"><div class=\"fusion-column-wrapper fusion-column-has-shadow fusion-flex-justify-content-flex-start fusion-content-layout-column\"><div class=\"awb-gallery-wrapper awb-gallery-wrapper-1 button-span-no\" style=\"--more-btn-alignment:center;\"><div style=\"margin:-5px;--awb-bordersize:0px;--awb-columns-medium:33.3333%;--awb-columns-small:33.3333%;\" class=\"fusion-gallery fusion-gallery-container fusion-grid-3 fusion-columns-total-3 fusion-gallery-layout-grid fusion-gallery-1\"><div style=\"padding:5px;\" class=\"fusion-grid-column fusion-gallery-column fusion-gallery-column-3 hover-type-zoomin\"><div class=\"fusion-gallery-image\"><a href=\"https:\/\/pokojenawynajem.lezajsk.pl\/wp-content\/uploads\/2026\/01\/NAMIOT-COMFORT-5x8-imprezowy-ogrodowy-ROZNE-KOLORY-EAN-GTIN-5906063842074.jpg\" rel=\"noreferrer\" data-rel=\"iLightbox[gallery_image_1]\" class=\"fusion-lightbox\" target=\"_self\"><img decoding=\"async\" src=\"https:\/\/pokojenawynajem.lezajsk.pl\/wp-content\/uploads\/2026\/01\/NAMIOT-COMFORT-5x8-imprezowy-ogrodowy-ROZNE-KOLORY-EAN-GTIN-5906063842074.jpg\" data-orig-src=\"https:\/\/pokojenawynajem.lezajsk.pl\/wp-content\/uploads\/2026\/01\/NAMIOT-COMFORT-5x8-imprezowy-ogrodowy-ROZNE-KOLORY-EAN-GTIN-5906063842074.jpg\" width=\"720\" height=\"654\" alt=\"\" title=\"NAMIOT-COMFORT-5&#215;8-imprezowy-ogrodowy-ROZNE-KOLORY-EAN-GTIN-5906063842074\" aria-label=\"NAMIOT-COMFORT-5&#215;8-imprezowy-ogrodowy-ROZNE-KOLORY-EAN-GTIN-5906063842074\" class=\"lazyload img-responsive wp-image-544\" srcset=\"data:image\/svg+xml,%3Csvg%20xmlns%3D%27http%3A%2F%2Fwww.w3.org%2F2000%2Fsvg%27%20width%3D%27720%27%20height%3D%27654%27%20viewBox%3D%270%200%20720%20654%27%3E%3Crect%20width%3D%27720%27%20height%3D%27654%27%20fill-opacity%3D%220%22%2F%3E%3C%2Fsvg%3E\" data-srcset=\"https:\/\/pokojenawynajem.lezajsk.pl\/wp-content\/uploads\/2026\/01\/NAMIOT-COMFORT-5x8-imprezowy-ogrodowy-ROZNE-KOLORY-EAN-GTIN-5906063842074-200x182.jpg 200w, https:\/\/pokojenawynajem.lezajsk.pl\/wp-content\/uploads\/2026\/01\/NAMIOT-COMFORT-5x8-imprezowy-ogrodowy-ROZNE-KOLORY-EAN-GTIN-5906063842074-400x363.jpg 400w, https:\/\/pokojenawynajem.lezajsk.pl\/wp-content\/uploads\/2026\/01\/NAMIOT-COMFORT-5x8-imprezowy-ogrodowy-ROZNE-KOLORY-EAN-GTIN-5906063842074-600x545.jpg 600w, https:\/\/pokojenawynajem.lezajsk.pl\/wp-content\/uploads\/2026\/01\/NAMIOT-COMFORT-5x8-imprezowy-ogrodowy-ROZNE-KOLORY-EAN-GTIN-5906063842074.jpg 720w\" data-sizes=\"auto\" data-orig-sizes=\"(min-width: 2200px) 100vw, (min-width: 784px) 430px, (min-width: 712px) 645px, (min-width: 640px) 712px, \" \/><\/a><\/div><\/div><div style=\"padding:5px;\" class=\"fusion-grid-column fusion-gallery-column fusion-gallery-column-3 hover-type-zoomin\"><div class=\"fusion-gallery-image\"><a href=\"https:\/\/pokojenawynajem.lezajsk.pl\/wp-content\/uploads\/2026\/01\/NAMIOT-COMFORT-5x8-imprezowy-ogrodowy-ROZNE-KOLORY-Kod-producenta-namiot_comfort_5x8.jpg\" rel=\"noreferrer\" data-rel=\"iLightbox[gallery_image_1]\" class=\"fusion-lightbox\" target=\"_self\"><img decoding=\"async\" src=\"https:\/\/pokojenawynajem.lezajsk.pl\/wp-content\/uploads\/2026\/01\/NAMIOT-COMFORT-5x8-imprezowy-ogrodowy-ROZNE-KOLORY-Kod-producenta-namiot_comfort_5x8.jpg\" data-orig-src=\"https:\/\/pokojenawynajem.lezajsk.pl\/wp-content\/uploads\/2026\/01\/NAMIOT-COMFORT-5x8-imprezowy-ogrodowy-ROZNE-KOLORY-Kod-producenta-namiot_comfort_5x8.jpg\" width=\"720\" height=\"428\" alt=\"\" title=\"NAMIOT-COMFORT-5&#215;8-imprezowy-ogrodowy-ROZNE-KOLORY-Kod-producenta-namiot_comfort_5x8\" aria-label=\"NAMIOT-COMFORT-5&#215;8-imprezowy-ogrodowy-ROZNE-KOLORY-Kod-producenta-namiot_comfort_5x8\" class=\"lazyload img-responsive wp-image-545\" srcset=\"data:image\/svg+xml,%3Csvg%20xmlns%3D%27http%3A%2F%2Fwww.w3.org%2F2000%2Fsvg%27%20width%3D%27720%27%20height%3D%27428%27%20viewBox%3D%270%200%20720%20428%27%3E%3Crect%20width%3D%27720%27%20height%3D%27428%27%20fill-opacity%3D%220%22%2F%3E%3C%2Fsvg%3E\" data-srcset=\"https:\/\/pokojenawynajem.lezajsk.pl\/wp-content\/uploads\/2026\/01\/NAMIOT-COMFORT-5x8-imprezowy-ogrodowy-ROZNE-KOLORY-Kod-producenta-namiot_comfort_5x8-200x119.jpg 200w, https:\/\/pokojenawynajem.lezajsk.pl\/wp-content\/uploads\/2026\/01\/NAMIOT-COMFORT-5x8-imprezowy-ogrodowy-ROZNE-KOLORY-Kod-producenta-namiot_comfort_5x8-400x238.jpg 400w, https:\/\/pokojenawynajem.lezajsk.pl\/wp-content\/uploads\/2026\/01\/NAMIOT-COMFORT-5x8-imprezowy-ogrodowy-ROZNE-KOLORY-Kod-producenta-namiot_comfort_5x8-600x357.jpg 600w, https:\/\/pokojenawynajem.lezajsk.pl\/wp-content\/uploads\/2026\/01\/NAMIOT-COMFORT-5x8-imprezowy-ogrodowy-ROZNE-KOLORY-Kod-producenta-namiot_comfort_5x8.jpg 720w\" data-sizes=\"auto\" data-orig-sizes=\"(min-width: 2200px) 100vw, (min-width: 784px) 430px, (min-width: 712px) 645px, (min-width: 640px) 712px, \" \/><\/a><\/div><\/div><div style=\"padding:5px;\" class=\"fusion-grid-column fusion-gallery-column fusion-gallery-column-3 hover-type-zoomin\"><div class=\"fusion-gallery-image\"><a href=\"https:\/\/pokojenawynajem.lezajsk.pl\/wp-content\/uploads\/2026\/01\/NAMIOT-COMFORT-5x8-imprezowy-ogrodowy-ROZNE-KOLORY-Szerokosc-5-m.jpg\" rel=\"noreferrer\" data-rel=\"iLightbox[gallery_image_1]\" class=\"fusion-lightbox\" target=\"_self\"><img decoding=\"async\" src=\"https:\/\/pokojenawynajem.lezajsk.pl\/wp-content\/uploads\/2026\/01\/NAMIOT-COMFORT-5x8-imprezowy-ogrodowy-ROZNE-KOLORY-Szerokosc-5-m.jpg\" data-orig-src=\"https:\/\/pokojenawynajem.lezajsk.pl\/wp-content\/uploads\/2026\/01\/NAMIOT-COMFORT-5x8-imprezowy-ogrodowy-ROZNE-KOLORY-Szerokosc-5-m.jpg\" width=\"720\" height=\"654\" alt=\"\" title=\"NAMIOT-COMFORT-5&#215;8-imprezowy-ogrodowy-ROZNE-KOLORY-Szerokosc-5-m\" aria-label=\"NAMIOT-COMFORT-5&#215;8-imprezowy-ogrodowy-ROZNE-KOLORY-Szerokosc-5-m\" class=\"lazyload img-responsive wp-image-546\" srcset=\"data:image\/svg+xml,%3Csvg%20xmlns%3D%27http%3A%2F%2Fwww.w3.org%2F2000%2Fsvg%27%20width%3D%27720%27%20height%3D%27654%27%20viewBox%3D%270%200%20720%20654%27%3E%3Crect%20width%3D%27720%27%20height%3D%27654%27%20fill-opacity%3D%220%22%2F%3E%3C%2Fsvg%3E\" data-srcset=\"https:\/\/pokojenawynajem.lezajsk.pl\/wp-content\/uploads\/2026\/01\/NAMIOT-COMFORT-5x8-imprezowy-ogrodowy-ROZNE-KOLORY-Szerokosc-5-m-200x182.jpg 200w, https:\/\/pokojenawynajem.lezajsk.pl\/wp-content\/uploads\/2026\/01\/NAMIOT-COMFORT-5x8-imprezowy-ogrodowy-ROZNE-KOLORY-Szerokosc-5-m-400x363.jpg 400w, https:\/\/pokojenawynajem.lezajsk.pl\/wp-content\/uploads\/2026\/01\/NAMIOT-COMFORT-5x8-imprezowy-ogrodowy-ROZNE-KOLORY-Szerokosc-5-m-600x545.jpg 600w, https:\/\/pokojenawynajem.lezajsk.pl\/wp-content\/uploads\/2026\/01\/NAMIOT-COMFORT-5x8-imprezowy-ogrodowy-ROZNE-KOLORY-Szerokosc-5-m.jpg 720w\" data-sizes=\"auto\" data-orig-sizes=\"(min-width: 2200px) 100vw, (min-width: 784px) 430px, (min-width: 712px) 645px, (min-width: 640px) 712px, \" \/><\/a><\/div><\/div><div class=\"clearfix\"><\/div><\/div><\/div><\/div><\/div><\/div><\/div><\/p>\n","protected":false},"excerpt":{"rendered":"","protected":false},"author":1,"featured_media":0,"parent":0,"menu_order":0,"comment_status":"closed","ping_status":"closed","template":"100-width.php","meta":{"footnotes":""},"class_list":["post-503","page","type-page","status-publish","hentry"],"aioseo_notices":[],"_links":{"self":[{"href":"https:\/\/pokojenawynajem.lezajsk.pl\/en\/wp-json\/wp\/v2\/pages\/503","targetHints":{"allow":["GET"]}}],"collection":[{"href":"https:\/\/pokojenawynajem.lezajsk.pl\/en\/wp-json\/wp\/v2\/pages"}],"about":[{"href":"https:\/\/pokojenawynajem.lezajsk.pl\/en\/wp-json\/wp\/v2\/types\/page"}],"author":[{"embeddable":true,"href":"https:\/\/pokojenawynajem.lezajsk.pl\/en\/wp-json\/wp\/v2\/users\/1"}],"replies":[{"embeddable":true,"href":"https:\/\/pokojenawynajem.lezajsk.pl\/en\/wp-json\/wp\/v2\/comments?post=503"}],"version-history":[{"count":2,"href":"https:\/\/pokojenawynajem.lezajsk.pl\/en\/wp-json\/wp\/v2\/pages\/503\/revisions"}],"predecessor-version":[{"id":606,"href":"https:\/\/pokojenawynajem.lezajsk.pl\/en\/wp-json\/wp\/v2\/pages\/503\/revisions\/606"}],"wp:attachment":[{"href":"https:\/\/pokojenawynajem.lezajsk.pl\/en\/wp-json\/wp\/v2\/media?parent=503"}],"curies":[{"name":"wp","href":"https:\/\/api.w.org\/{rel}","templated":true}]}}